{"version":"1.0","provider_name":"Sonnenseite","provider_url":"https:\/\/www.sonnenseite.com\/de\/","author_name":"Bigi Alt","author_url":"https:\/\/www.sonnenseite.com\/de\/author\/bigialt\/","title":"Tierschutz: EU-Parlament unterst\u00fctzt Ende der K\u00e4fighaltung - Sonnenseite - \u00d6kologische Kommunikation mit Franz Alt","type":"rich","width":600,"height":338,"html":"<blockquote class=\"wp-embedded-content\" data-secret=\"pFsabO3RmL\"><a href=\"https:\/\/www.sonnenseite.com\/de\/politik\/tierschutz-eu-parlament-unterstuetzt-ende-der-kaefighaltung\/\">Tierschutz: EU-Parlament unterst\u00fctzt Ende der K\u00e4fighaltung<\/a><\/blockquote><iframe sandbox=\"allow-scripts\" security=\"restricted\" src=\"https:\/\/www.sonnenseite.com\/de\/politik\/tierschutz-eu-parlament-unterstuetzt-ende-der-kaefighaltung\/embed\/#?secret=pFsabO3RmL\" width=\"600\" height=\"338\" title=\"&#8222;Tierschutz: EU-Parlament unterst\u00fctzt Ende der K\u00e4fighaltung&#8220; &#8211; Sonnenseite\" data-secret=\"pFsabO3RmL\" frameborder=\"0\" marginwidth=\"0\" marginheight=\"0\" scrolling=\"no\" class=\"wp-embedded-content\"><\/iframe><script type=\"text\/javascript\">\n\/* <![CDATA[ *\/\n\/*! This file is auto-generated *\/\n!function(d,l){\"use strict\";l.querySelector&&d.addEventListener&&\"undefined\"!=typeof URL&&(d.wp=d.wp||{},d.wp.receiveEmbedMessage||(d.wp.receiveEmbedMessage=function(e){var t=e.data;if((t||t.secret||t.message||t.value)&&!\/[^a-zA-Z0-9]\/.test(t.secret)){for(var s,r,n,a=l.querySelectorAll('iframe[data-secret=\"'+t.secret+'\"]'),o=l.querySelectorAll('blockquote[data-secret=\"'+t.secret+'\"]'),c=new RegExp(\"^https?:$\",\"i\"),i=0;i<o.length;i++)o[i].style.display=\"none\";for(i=0;i<a.length;i++)s=a[i],e.source===s.contentWindow&&(s.removeAttribute(\"style\"),\"height\"===t.message?(1e3<(r=parseInt(t.value,10))?r=1e3:~~r<200&&(r=200),s.height=r):\"link\"===t.message&&(r=new URL(s.getAttribute(\"src\")),n=new URL(t.value),c.test(n.protocol))&&n.host===r.host&&l.activeElement===s&&(d.top.location.href=t.value))}},d.addEventListener(\"message\",d.wp.receiveEmbedMessage,!1),l.addEventListener(\"DOMContentLoaded\",function(){for(var e,t,s=l.querySelectorAll(\"iframe.wp-embedded-content\"),r=0;r<s.length;r++)(t=(e=s[r]).getAttribute(\"data-secret\"))||(t=Math.random().toString(36).substring(2,12),e.src+=\"#?secret=\"+t,e.setAttribute(\"data-secret\",t)),e.contentWindow.postMessage({message:\"ready\",secret:t},\"*\")},!1)))}(window,document);\n\/\/# sourceURL=https:\/\/www.sonnenseite.com\/wp-includes\/js\/wp-embed.min.js\n\/* ]]> *\/\n<\/script>\n","thumbnail_url":"https:\/\/www.sonnenseite.com\/wp-content\/uploads\/2021\/06\/Kaefig_Fasan_LaraGenina.jpg","thumbnail_width":770,"thumbnail_height":420,"description":"Das Europaparlament unterst\u00fctzt mit einer \u00fcberw\u00e4ltigenden Mehrheit die Forderungen der Europ\u00e4ischen B\u00fcrgerinitiative \u201cK\u00e4fighaltung beenden \/ Stop the cage"}